{"id":734,"date":"2020-08-12T13:19:58","date_gmt":"2020-08-12T11:19:58","guid":{"rendered":"http:\/\/www.joachim-richau.de\/info\/?page_id=734"},"modified":"2020-09-04T16:37:06","modified_gmt":"2020-09-04T14:37:06","slug":"buecher","status":"publish","type":"page","link":"https:\/\/www.joachim-richau.de\/info\/buecher\/","title":{"rendered":"B\u00dcCHER"},"content":{"rendered":"<hr \/>\n<h3><span class=\"title-3\">FRAGMENT oder die Gegenwart des Zweifels<\/span><\/h3>\n<p><span class=\"attribute\">86 Seiten<\/span> <span class=\"attribute\">22 Farb- und 28 Duplexabbildungen<\/span><\/p>\n<div class=\"col-xs-12 col-sm-6 col-md-6\">\n<p><span class=\"attribute\">Festeinband<\/span> <span class=\"attribute\">mit eingelegtem Textbeiheft<\/span><\/p>\n<p><span class=\"attribute\">22,7 x 33 cm<\/span> <span class=\"attribute\">Deutsch, Englisch<\/span><\/p>\n<p><span class=\"attribute\">ISBN 978-3-86828-780-6<\/span> (<span class=\"attribute\">2017)<\/span><\/p>\n<p><a href=\"https:\/\/www.kehrerverlag.com\/de\/joachim-richau-fragment-oder-die-gegenwart-des-zweifels\" target=\"_blank\" rel=\"noopener noreferrer\"><strong>Bestellen beim Kehrer Verlag<\/strong><\/a><\/p>\n<p><strong><span id=\"product-price-1203\" class=\"regular-price icon-intense\"><span class=\"price icon-intense\">35,00\u00a0\u20ac<\/span><\/span><\/strong><\/p>\n<p><img loading=\"lazy\" decoding=\"async\" class=\"alignnone size-medium wp-image-807\" src=\"http:\/\/www.joachim-richau.de\/info\/wp-content\/uploads\/2020\/09\/Fragment-205x300.jpg\" alt=\"\" width=\"205\" height=\"300\" srcset=\"https:\/\/www.joachim-richau.de\/info\/wp-content\/uploads\/2020\/09\/Fragment-205x300.jpg 205w, https:\/\/www.joachim-richau.de\/info\/wp-content\/uploads\/2020\/09\/Fragment.jpg 342w\" sizes=\"auto, (max-width: 205px) 100vw, 205px\" \/><\/p>\n<\/div>\n<hr \/>\n<h3>weiss<\/h3>\n<p>\u201dDie Bilder \u2013 ausschliesslich in Schweden aufgenommen \u2013 sind der Versuch einer maximalen Reduzierung, die so nicht nur zur Transformation der \u2026 Felsformationen, Steinfelder usw. in eine Verallgemeinerung f\u00fchrt, sondern in der Vereinfachung neuen Wahrnehmungsraum schafft und so Landschaft zu einem Denkraum werden l\u00e4sst.\u201c<br \/>\n(Annette Tietz)<\/p>\n<p>32 Seiten, 26 x 19 cm, 21 S\/W-Abbildungen, Fadenheftung, Hardcover<br \/>\nLimitierte Auflage: 365 nummerierte Exemplare,<br \/>\nISBN 978-3-925935-75-6 (2014)<\/p>\n<p><a href=\"https:\/\/www.expose-verlag.de\/produkt\/joachim-richau-weiss\/\" target=\"_blank\" rel=\"noopener noreferrer\"><strong>Bestellen beim expose-verlag<\/strong><\/a><\/p>\n<p><strong>24,90 \u20ac<\/strong><\/p>\n<p><img loading=\"lazy\" decoding=\"async\" class=\"size-medium wp-image-789 alignnone\" src=\"http:\/\/www.joachim-richau.de\/info\/wp-content\/uploads\/2020\/09\/Richau_weiss-300x300.jpg\" alt=\"\" width=\"300\" height=\"300\" srcset=\"https:\/\/www.joachim-richau.de\/info\/wp-content\/uploads\/2020\/09\/Richau_weiss-300x300.jpg 300w, https:\/\/www.joachim-richau.de\/info\/wp-content\/uploads\/2020\/09\/Richau_weiss-150x150.jpg 150w, https:\/\/www.joachim-richau.de\/info\/wp-content\/uploads\/2020\/09\/Richau_weiss.jpg 600w\" sizes=\"auto, (max-width: 300px) 100vw, 300px\" \/><\/p>\n<hr \/>\n<h3>desaster<\/h3>\n<p>\u2026 Auseinandersetzung mit der eigentlich \u2026 unbeschreiblichen Tatsache, dem Tod der Tochter. Die Fotografien \u2013 zumeist in Schweden aufgenommen \u2013 reflektieren dabei nicht den Anlass, vielmehr sind sie der Versuch, in abstrahierter Form Entsprechungen f\u00fcr die eigenen Empfindungen und deren Unaussprechlichkeit zu finden und so gleichzeitig nach der Wahrnehmung des Todes als existentiellen Bestandteil jeglichen Lebens zu fragen.<br \/>\n(Annette Tietz)<\/p>\n<p>32 Seiten, 27,5 x 21 cm, 23 Farb-Abbildungen, Fadenheftung, Hart-Broschur<br \/>\nLimitierte Auflage: 369 nummerierte Exemplare,<br \/>\nISBN 978-3-925935-74-9 (2014)<\/p>\n<p><a href=\"https:\/\/www.expose-verlag.de\/produkt\/joachim-richau-desaster\/\" target=\"_blank\" rel=\"noopener noreferrer\"><strong>Bestellen beim expose-verlag<\/strong><\/a><\/p>\n<p><strong>24,90 \u20ac<\/strong><\/p>\n<p><img loading=\"lazy\" decoding=\"async\" class=\"alignnone size-medium wp-image-793\" src=\"http:\/\/www.joachim-richau.de\/info\/wp-content\/uploads\/2020\/09\/Richau_desaster-300x300.jpg\" alt=\"\" width=\"300\" height=\"300\" srcset=\"https:\/\/www.joachim-richau.de\/info\/wp-content\/uploads\/2020\/09\/Richau_desaster-300x300.jpg 300w, https:\/\/www.joachim-richau.de\/info\/wp-content\/uploads\/2020\/09\/Richau_desaster-150x150.jpg 150w, https:\/\/www.joachim-richau.de\/info\/wp-content\/uploads\/2020\/09\/Richau_desaster.jpg 600w\" sizes=\"auto, (max-width: 300px) 100vw, 300px\" \/><\/p>\n<hr \/>\n<h3>heim suche 95-05\/08<\/h3>\n<p>Die Schwarz-Wei\u00df-Fotografie von Joachim Richau ist seither aus zwei Quellen gespeist: Zum einen aus dem Empfinden f\u00fcr das Wesenhafte von Details, Anschnitte und formalen Struktur(er)findungen und zum anderen aus einer inszenatorischen Bewusstheit f\u00fcr genuin graphische Valeurs. Richau zeichnet mit dem Licht, das seine Filme schw\u00e4rzt, und man kann die klassischen Betrachtungskriterien f\u00fcr die Zeichnung auf seine Fotografien anwenden.<br \/>\nZeichnen ist Erinnern von sichtbar Gewesenem, es gilt als der pers\u00f6nlichste und unmittelbarste Ausdruck k\u00fcnstlerischen Tuns. Zugleich bedarf die Spontaneit\u00e4t des Zeichnens abstrahierender Konzentration \u2013unabh\u00e4ngig vom Medium ihrer Ausf\u00fchrung. Und sie stellt die Frage nach den Grenzen des Abbildhaften ebenso wie nach der Geltung von individuellen Zeichen. In Richaus Arbeiten sind es Zeichen der Existenz, die umso direkter werden, je mehr sie ihn ber\u00fchren. \u201eheim suche\u201c gewinnt im fremden Blick allerdings noch eine andere Dimension, die uns im R\u00fcckzug vor der Privatheit innehalten l\u00e4sst. Nicht ohne Grund nimmt Richau die sprachliche Assoziation zu dem biblischen Topos der Heimsuchung in den Titel auf. Denn der weist auf zentrale Kategorien des Hoffens: Verk\u00fcndigung und Menschwerdung. Das leise Pathos, mit dem die scheinbar lapidaren Bilder solcherart angereichert werden, k\u00f6nnen wir als Einspruch gegen das allgegenw\u00e4rtige Rumoren der visuellen L\u00fcgen verstehen.<\/p>\n<p>M. Fl\u00fcgge 1998<\/p>\n<p>ISBN 978-3-925935-58-9, (2009),<br \/>\n56 Seiten, 26 x 18,8 cm, 89 s\/w-Abbildungen, Fadenheftung, gebunden<br \/>\nAuflage 365 nummerierte Exemplare<\/p>\n<p><a href=\"https:\/\/www.expose-verlag.de\/produkt\/joachim-richau-heim-suche-95-0508\/\" target=\"_blank\" rel=\"noopener noreferrer\"><strong>Bestellen beim expose-verlag<\/strong><\/a><\/p>\n<p><strong>24,90 \u20ac<\/strong><\/p>\n<p><img loading=\"lazy\" decoding=\"async\" class=\"alignnone size-medium wp-image-795\" src=\"http:\/\/www.joachim-richau.de\/info\/wp-content\/uploads\/2020\/09\/Richau_heimsuche-300x300.jpg\" alt=\"\" width=\"300\" height=\"300\" srcset=\"https:\/\/www.joachim-richau.de\/info\/wp-content\/uploads\/2020\/09\/Richau_heimsuche-300x300.jpg 300w, https:\/\/www.joachim-richau.de\/info\/wp-content\/uploads\/2020\/09\/Richau_heimsuche-150x150.jpg 150w, https:\/\/www.joachim-richau.de\/info\/wp-content\/uploads\/2020\/09\/Richau_heimsuche.jpg 600w\" sizes=\"auto, (max-width: 300px) 100vw, 300px\" \/><\/p>\n<hr \/>\n<h3>transit 05-08<\/h3>\n<p>Eine Bildreihe aus den Jahren 2005 bis 2008, zusammengestellt aus einem ungleich gr\u00f6\u00dferen Fundus spontaner Aufnahmen aus dieser biografischen Umbruchphase. Der Titel deutet an, dass es sich um ein \u00dcbergangs-Projekt handelt, weniger die Mittel zur Bilderzeugung betreffend als die ver\u00e4nderte Seh-Einstellung des K\u00fcnstlers. \u2026 [Es] kommt in den digitalen Bildern von transit erstmals Farbe zum Tragen: Frischer wirken sie und direkter als fr\u00fcher, fast \u201cdichter am Leben\u201c, w\u00e4hrend im selben Zuge und in wechselnder Verkleidung Todesmotive auftreten, nicht neu eingef\u00fchrt vom Fotografen, aber deutlicher positioniert als in \u00e4lteren Arbeiten. Es ist, als h\u00e4tten sie sich nunmehr allenthalben und unverbl\u00fcmt dargeboten, nicht drohend, eher vers\u00f6hnlich und eingebettet in die \u00c4sthetik des Lebens.<br \/>\n(Katrin Arrieta)<\/p>\n<p>ISBN 978-3-925935-60-2 (2009)<\/p>\n<p><a href=\"https:\/\/www.expose-verlag.de\/produkt\/joachim-richau-transit-05-08\/\" target=\"_blank\" rel=\"noopener noreferrer\"><strong>Bestellen beim expose-verlag<\/strong><\/a><\/p>\n<p><strong>\u20ac 16,00<\/strong><\/p>\n<p><img loading=\"lazy\" decoding=\"async\" class=\"alignnone size-full wp-image-797\" src=\"http:\/\/www.joachim-richau.de\/info\/wp-content\/uploads\/2020\/09\/richau_transit.jpg\" alt=\"\" width=\"246\" height=\"300\" \/><\/p>\n<hr \/>\n<h3>SCHWARZER MORGEN \u2013 LACHENDER TAG<\/h3>\n<p>\u201eJoachim Richau z\u00e4hlt zu den K\u00fcnstlern, die an einer \u2026 Emanzipation der Fotografie arbeiten, f\u00fcr die noch in j\u00fcngster Vergangenheit das Eigenschaftswort \u201esubjektiv\u201c verwendet werden musste, um die Verweigerung des Abbildhaften zu rechtfertigen. \u2026 Die einzelnen Bilder halten an genuin fotografischen Mitteln fest, sind aber bedachtsam und spielerisch zugleich in k\u00fcnstlerische Kontexte gesetzt.\u201c<br \/>\n(Matthias Fl\u00fcgge)<\/p>\n<p>Text von Matthias Fl\u00fcgge<br \/>\nISBN 978-3-925935-34-3 (1996)<br \/>\n32 Seiten, 19 x 26 cm, 18 s\/w-Abb., Fadenheftung, gebunden<br \/>\nAuflage 365 nummerierte Exemplare<\/p>\n<p><a href=\"https:\/\/www.expose-verlag.de\/produkt\/joachim-richau-schwarzer-morgen-lachender-tag\/\" target=\"_blank\" rel=\"noopener noreferrer\"><strong>Bestellen beim expose-verlag<\/strong><\/a><\/p>\n<p><strong>19,80 \u20ac<\/strong><\/p>\n<p><img loading=\"lazy\" decoding=\"async\" class=\"alignnone size-medium wp-image-799\" src=\"http:\/\/www.joachim-richau.de\/info\/wp-content\/uploads\/2020\/09\/Schwarzer_Morgen-300x300.jpg\" alt=\"\" width=\"300\" height=\"300\" srcset=\"https:\/\/www.joachim-richau.de\/info\/wp-content\/uploads\/2020\/09\/Schwarzer_Morgen-300x300.jpg 300w, https:\/\/www.joachim-richau.de\/info\/wp-content\/uploads\/2020\/09\/Schwarzer_Morgen-150x150.jpg 150w, https:\/\/www.joachim-richau.de\/info\/wp-content\/uploads\/2020\/09\/Schwarzer_Morgen.jpg 600w\" sizes=\"auto, (max-width: 300px) 100vw, 300px\" \/><\/p>\n<hr \/>\n<h3>LENAS K\u00dcCHE<\/h3>\n<p>Ein K\u00fcnstlerbuch, in dem Joachim Richau seine meditative Spurensuche auf einer von der Roten Armee verlassenen Oder-Insel beschreibt.<br \/>\n\u201dEine Suche nach der Identit\u00e4t im Reich der Erinnerung.\u201c<br \/>\n(Inka Schube)<\/p>\n<p>Mit einem Text von Mark Lammert<\/p>\n<p>32 Seiten, 18,4 x 14 cm, 20 Farb-Abbildungen, Fadenheftung, broschiert<br \/>\nLimitierte Auflage: 333 nummerierte Exemplare,<br \/>\nISBN 978-3-925935-73-2 (2014)<\/p>\n<p><a href=\"https:\/\/www.expose-verlag.de\/produkt\/joachim-richau-lenas-kueche\/\" target=\"_blank\" rel=\"noopener noreferrer\"><strong>Bestellen beim expose-verlag<\/strong><\/a><\/p>\n<p><strong>18,00 \u20ac<\/strong><\/p>\n<p><img loading=\"lazy\" decoding=\"async\" class=\"alignnone size-medium wp-image-801\" src=\"http:\/\/www.joachim-richau.de\/info\/wp-content\/uploads\/2020\/09\/LENAsKueche-300x300.jpg\" alt=\"\" width=\"300\" height=\"300\" srcset=\"https:\/\/www.joachim-richau.de\/info\/wp-content\/uploads\/2020\/09\/LENAsKueche-300x300.jpg 300w, https:\/\/www.joachim-richau.de\/info\/wp-content\/uploads\/2020\/09\/LENAsKueche-150x150.jpg 150w, https:\/\/www.joachim-richau.de\/info\/wp-content\/uploads\/2020\/09\/LENAsKueche.jpg 600w\" sizes=\"auto, (max-width: 300px) 100vw, 300px\" \/><\/p>\n<hr \/>\n<p>EIDOS EINF\u00dcGEN<\/p>\n<hr \/>\n<h3>Joachim Richau und Wolfgang Kil<br \/>\nLand ohne \u00dcbergang \u2013 Deutschlands neue Grenze<\/h3>\n<p>Pl\u00f6tzlich waren nach 1990 einige Grenzen verschwunden oder doch einigermassen durchl\u00e4ssig geworden. Fast unbeachtet gibt es aber eine ganz neue Grenze. Deutschland grenzt nur 80 km von Berlins Mitte entfernt an Polen. Die kleine Neisse und die schiffbare, jedoch wenig befahrene Oder teilen eine stille Landschaft.<br \/>\n\\\u201cDer Publizist Wolfgang Kil und der Fotograf Joachim Richau legen die faszinierende Erkundung einer Grenze im Osten vor. \u2026 Sachliche Kargheit und fast poetische Qualit\u00e4t gehen eine ungew\u00f6hnlich eindr\u00fcckliche Mischung ein.\\\u201c<br \/>\n(Neue Z\u00fcrcher Zeitung)<\/p>\n<p>Vorwort von Matthias G\u00f6rnandt<br \/>\nISBN 978-3-925935-18-3 (1992)<br \/>\n80 Seiten, 22 x 27 cm, Fadenheftung, gebunden,<br \/>\n47 s\/w-Abb.<\/p>\n<p><strong>expose-verlag<\/strong><\/p>\n<p>(\u20ac 17,80) vergriffen \u2013 sold out<\/p>\n<p><img loading=\"lazy\" decoding=\"async\" class=\"alignnone size-medium wp-image-805\" src=\"http:\/\/www.joachim-richau.de\/info\/wp-content\/uploads\/2020\/09\/Land_ohne-1-248x300.jpg\" alt=\"\" width=\"248\" height=\"300\" srcset=\"https:\/\/www.joachim-richau.de\/info\/wp-content\/uploads\/2020\/09\/Land_ohne-1-248x300.jpg 248w, https:\/\/www.joachim-richau.de\/info\/wp-content\/uploads\/2020\/09\/Land_ohne-1.jpg 454w\" sizes=\"auto, (max-width: 248px) 100vw, 248px\" \/><\/p>\n<hr \/>\n<h3>Bilder aus Beerfelde<\/h3>\n<p>\u2026 Diesen Schwebezustand des Sich-Wiedererkennens im anonymen fremden Lebensmoment \u2013 den erzeugt Richau auf nachdr\u00fccklich eigene Weise, indem er sich selbst ganz unverh\u00fcllt zur Mit-Sprache bringt in seinen Beobachtungen, vermeidet er die rein \u00e4u\u00dferliche Nachfolge, erspart sich den Vorwurf des Epigonentums. So kann er sich gelassen in eine honorige \u00a0Tradition stellen, ohne von der \u00dcbermacht der Vorbilder terrorisiert zu werden. Sich selbst immer ernst nehmen bei jeder Kamera-Begegnung, im Guten wie im Schlimmen \u2013 so sichert Richau seinen Bildern das Unverzichtbare: Authentizit\u00e4t.<\/p>\n<p>Wirklich subjektive Fotografie wird stets auch zu einem Risiko &#8211; das der Fotograf allein zu tragen hat.<\/p>\n<p>Wolfgang Kil , 1990 (Auszug)<\/p>\n<p>EPILOG<br \/>\nBeerfelde ist ein Zufall, auch d\u00f6rfliches Leben als Stoff ist es. Nicht zuf\u00e4llig ist die Neugier auf Menschen, das Interesse an N\u00e4herungen &#8211; um der Entdeckung der Menschen willen. Fotografische Ann\u00e4herung als lebbare M\u00f6glichkeit menschlicher Ann\u00e4herung. Beobachtungen als Fixierung vorl\u00e4ufigen Erkenntnisstandes.<br \/>\n\u2026..<br \/>\nBeerfelde als Zyklus ist eine Sammlung von Bildern, entstanden in den letzten vier Jahren, an einem Ort. Nicht konzipiert, ohne Vorstellung vom sp\u00e4teren Ergebnis begonnen, wurde diese Arbeit im Eigenauftrag und in freundschaftlicher Zusammenarbeit mit zwei Malern zur immer bewusster genutzten Chance, eigene menschliche und fotografische Entwicklung am gleichen Gegenstand zu \u00fcberpr\u00fcfen.<br \/>\n\u2026..<br \/>\nJoachim Richau , 1987<\/p>\n<p>Text von Inka Schube<br \/>\nISBN 978-3-925935-32-9 (1996)<br \/>\n32 Seiten, 17 x 24 cm, 32 s\/w-Abb.,Fadenheftung, franz\u00f6sische Broschur<\/p>\n<p><a href=\"https:\/\/www.expose-verlag.de\/produkt\/joachim-richau-bilder-aus-beerfelde\/\" target=\"_blank\" rel=\"noopener noreferrer\"><strong>Bestellen beim expose-verlag<\/strong><\/a><\/p>\n<p><strong>11,80 \u20ac <\/strong><\/p>\n<p><img loading=\"lazy\" decoding=\"async\" class=\"alignnone size-medium wp-image-803\" src=\"http:\/\/www.joachim-richau.de\/info\/wp-content\/uploads\/2020\/09\/Beerfelde-300x300.jpg\" alt=\"\" width=\"300\" height=\"300\" srcset=\"https:\/\/www.joachim-richau.de\/info\/wp-content\/uploads\/2020\/09\/Beerfelde-300x300.jpg 300w, https:\/\/www.joachim-richau.de\/info\/wp-content\/uploads\/2020\/09\/Beerfelde-150x150.jpg 150w, https:\/\/www.joachim-richau.de\/info\/wp-content\/uploads\/2020\/09\/Beerfelde.jpg 600w\" sizes=\"auto, (max-width: 300px) 100vw, 300px\" \/><\/p>\n<hr \/>\n<h3><strong>EIDOS: Tina Bara, Gerald Hahn, Florian Merkel, Joachim Richau, Maria Sewcz<\/strong><\/h3>\n<p>Texte von Ulrich Domr\u00f6se und Matthias Fl\u00fcgge<br \/>\nISBN 978-3-925935-25-1 (1994)<br \/>\n88 Seiten, 22 x 27 cm, Fadenheftung, Klappenbroschur, 42 s\/w- und Farb-Abb.<br \/>\n(DM 38,00) vergriffen \u2013 sold out<\/p>\n<p><img loading=\"lazy\" decoding=\"async\" class=\"alignnone size-full wp-image-811\" src=\"http:\/\/www.joachim-richau.de\/info\/wp-content\/uploads\/2020\/09\/Eidos-1-250x300-1.jpg\" alt=\"\" width=\"250\" height=\"300\" \/><\/p>\n<hr \/>\n","protected":false},"excerpt":{"rendered":"<p>FRAGMENT oder die Gegenwart des Zweifels 86 Seiten 22 Farb- und 28 Duplexabbildungen Festeinband mit eingelegtem Textbeiheft 22,7 x 33 cm Deutsch, Englisch ISBN 978-3-86828-780-6 (2017) Bestellen beim Kehrer Verlag 35,00\u00a0\u20ac weiss \u201dDie Bilder \u2013 ausschliesslich in Schweden aufgenommen \u2013 sind der Versuch einer maximalen Reduzierung, die so nicht nur zur Transformation der \u2026 Felsformationen, &#8230; <span class=\"more\"><a class=\"more-link\" href=\"https:\/\/www.joachim-richau.de\/info\/buecher\/\">[Read more&#8230;]<\/a><\/span><\/p>\n","protected":false},"author":1,"featured_media":0,"parent":0,"menu_order":0,"comment_status":"closed","ping_status":"closed","template":"","meta":{"_acf_changed":false,"footnotes":""},"class_list":["entry","page","publish","author-sop","post-734"],"acf":[],"_links":{"self":[{"href":"https:\/\/www.joachim-richau.de\/info\/wp-json\/wp\/v2\/pages\/734","targetHints":{"allow":["GET"]}}],"collection":[{"href":"https:\/\/www.joachim-richau.de\/info\/wp-json\/wp\/v2\/pages"}],"about":[{"href":"https:\/\/www.joachim-richau.de\/info\/wp-json\/wp\/v2\/types\/page"}],"author":[{"embeddable":true,"href":"https:\/\/www.joachim-richau.de\/info\/wp-json\/wp\/v2\/users\/1"}],"replies":[{"embeddable":true,"href":"https:\/\/www.joachim-richau.de\/info\/wp-json\/wp\/v2\/comments?post=734"}],"version-history":[{"count":48,"href":"https:\/\/www.joachim-richau.de\/info\/wp-json\/wp\/v2\/pages\/734\/revisions"}],"predecessor-version":[{"id":813,"href":"https:\/\/www.joachim-richau.de\/info\/wp-json\/wp\/v2\/pages\/734\/revisions\/813"}],"wp:attachment":[{"href":"https:\/\/www.joachim-richau.de\/info\/wp-json\/wp\/v2\/media?parent=734"}],"curies":[{"name":"wp","href":"https:\/\/api.w.org\/{rel}","templated":true}]}}