{"id":6,"date":"2017-01-17T13:00:14","date_gmt":"2017-01-17T12:00:14","guid":{"rendered":"http:\/\/www.joachim-richau.de\/info\/?page_id=6"},"modified":"2023-11-14T21:09:18","modified_gmt":"2023-11-14T20:09:18","slug":"aktuell","status":"publish","type":"page","link":"https:\/\/www.joachim-richau.de\/info\/aktuell\/","title":{"rendered":"AKTUELL"},"content":{"rendered":"<hr \/>\n<p><a href=\"https:\/\/www.altenburg-auktionen.de\/auktionen\/\" target=\"_blank\" rel=\"noopener\"><strong>Altenburg Photographie Auktionen<\/strong><\/a><\/p>\n<p>35. Auktion Photographie<br \/>\n21. Mai 2022, 15 Uhr<\/p>\n<p><img loading=\"lazy\" decoding=\"async\" class=\"size-medium_large wp-image-883\" src=\"http:\/\/www.joachim-richau.de\/info\/wp-content\/uploads\/2022\/04\/BF-3-768x515.jpg\" alt=\"\" width=\"700\" height=\"469\" srcset=\"https:\/\/www.joachim-richau.de\/info\/wp-content\/uploads\/2022\/04\/BF-3-768x515.jpg 768w, https:\/\/www.joachim-richau.de\/info\/wp-content\/uploads\/2022\/04\/BF-3-300x201.jpg 300w, https:\/\/www.joachim-richau.de\/info\/wp-content\/uploads\/2022\/04\/BF-3-1024x686.jpg 1024w, https:\/\/www.joachim-richau.de\/info\/wp-content\/uploads\/2022\/04\/BF-3-1536x1029.jpg 1536w, https:\/\/www.joachim-richau.de\/info\/wp-content\/uploads\/2022\/04\/BF-3.jpg 2000w\" sizes=\"auto, (max-width: 700px) 100vw, 700px\" \/><\/p>\n<p>aus: Ann\u00e4herungen und Begegnungen &#8211; Bilder aus Beerfelde . 1984 &#8211; 87<\/p>\n<hr \/>\n<p><a href=\"https:\/\/www.blmk.de\/programm\/dorfleben-fotografien-seit-den-1970er-jahren-bis-heute\/\" target=\"_blank\" rel=\"noopener\"><strong>DORFLEBEN<\/strong><\/a><\/p>\n<p><a href=\"https:\/\/www.blmk.de\/programm\/dorfleben-fotografien-seit-den-1970er-jahren-bis-heute\/\" target=\"_blank\" rel=\"noopener\"><strong>Fotografien seit den 1970er-Jahren bis heute aus der Sammlung des BLmK<\/strong><\/a><\/p>\n<p>12. M\u00e4rz &#8211; 29. Mai 2022<\/p>\n<p>Brandenburgisches Museum f\u00fcr moderne Kunst<br \/>\nUferstra\u00dfe \/ Am Amtsteich 15<br \/>\n03046 Cottbus<\/p>\n<p>Michael Herrmann, Conny H\u00f6flich, Thomas Kl\u00e4ber, Ingar Krauss, Werner Mahler, J\u00fcrgen Matschie, Joachim Richau, Olaf R\u00f6\u00dfler, Anna Tiessen, Jonas Ludwig Walter<\/p>\n<p>Durch die radikalen gesellschaftlichen Umbr\u00fcche nach 1990 hat auch die Daseinsweise auf dem Land \u00c4nderungen erfahren. Der demografische und wirtschaftliche Wandel, die neuen Problemlagen spiegeln sich in den ausgew\u00e4hlten fotografischen Projekten, die in den letzten drei Jahrzehnten realisiert wurden, teils direkt, teils subtil wider.<\/p>\n<p><img loading=\"lazy\" decoding=\"async\" class=\"alignnone wp-image-851 size-medium_large\" src=\"http:\/\/www.joachim-richau.de\/info\/wp-content\/uploads\/2022\/03\/joachim-richau-beerfelde-1-1050x700-1-768x512.jpg\" alt=\"\" width=\"700\" height=\"467\" srcset=\"https:\/\/www.joachim-richau.de\/info\/wp-content\/uploads\/2022\/03\/joachim-richau-beerfelde-1-1050x700-1-768x512.jpg 768w, https:\/\/www.joachim-richau.de\/info\/wp-content\/uploads\/2022\/03\/joachim-richau-beerfelde-1-1050x700-1-300x200.jpg 300w, https:\/\/www.joachim-richau.de\/info\/wp-content\/uploads\/2022\/03\/joachim-richau-beerfelde-1-1050x700-1-1024x683.jpg 1024w, https:\/\/www.joachim-richau.de\/info\/wp-content\/uploads\/2022\/03\/joachim-richau-beerfelde-1-1050x700-1.jpg 1050w\" sizes=\"auto, (max-width: 700px) 100vw, 700px\" \/><br \/>\naus: Ann\u00e4herungen und Begegnungen &#8211; Bilder aus Beerfelde . 1984 &#8211; 87<\/p>\n<hr \/>\n<p>&nbsp;<\/p>\n<p><strong>WORK IN PROGRESS<br \/>\n<\/strong><\/p>\n<p><img loading=\"lazy\" decoding=\"async\" class=\"alignnone wp-image-815 size-full\" src=\"http:\/\/www.joachim-richau.de\/info\/wp-content\/uploads\/2021\/04\/14.EXISTENZ_schlag_I_2019.jpg\" alt=\"\" width=\"591\" height=\"297\" srcset=\"https:\/\/www.joachim-richau.de\/info\/wp-content\/uploads\/2021\/04\/14.EXISTENZ_schlag_I_2019.jpg 591w, https:\/\/www.joachim-richau.de\/info\/wp-content\/uploads\/2021\/04\/14.EXISTENZ_schlag_I_2019-300x151.jpg 300w\" sizes=\"auto, (max-width: 591px) 100vw, 591px\" \/><br \/>\nschlag_I \/ 2021\u00a0 (aus EXISTENZ &#8211; work in progress)<\/p>\n<hr \/>\n<p><a href=\"https:\/\/www.kunstforum.de\/artikel\/fotografie-in-stillgestellter-zeit\/\" target=\"_blank\" rel=\"noopener noreferrer\"><strong>Fotografie in stillgestellter Zeit<\/strong><\/a><br \/>\nvon Christoph Tannert<\/p>\n<p><a href=\"https:\/\/www.kunstforum.de\/artikel\/fotografie-in-stillgestellter-zeit\/\" target=\"_blank\" rel=\"noopener\">KUNSTFORUM International<\/a><\/p>\n<hr \/>\n<p><span style=\"color: #000000;\"><strong>Berlinische Galerie<\/strong><\/span><\/p>\n<p>Die <a href=\"https:\/\/berlinischegalerie.de\/sammlung\/unsere-sammlung\/fotografie\/\" target=\"_blank\" rel=\"noopener\">Fotografische Sammlung der Berlinischen Galerie<\/a> hat die gro\u00dfe, vierteilige Arbeit<br \/>\n&#8222;STEN BROTT I, 2010&#8220; erworben.<\/p>\n<p><img loading=\"lazy\" decoding=\"async\" class=\"alignnone size-medium_large wp-image-880\" src=\"http:\/\/www.joachim-richau.de\/info\/wp-content\/uploads\/2022\/04\/B_JRichau_StenBrott_I_2010-2_1500-768x292.jpg\" alt=\"\" width=\"700\" height=\"266\" srcset=\"https:\/\/www.joachim-richau.de\/info\/wp-content\/uploads\/2022\/04\/B_JRichau_StenBrott_I_2010-2_1500-768x292.jpg 768w, https:\/\/www.joachim-richau.de\/info\/wp-content\/uploads\/2022\/04\/B_JRichau_StenBrott_I_2010-2_1500-300x114.jpg 300w, https:\/\/www.joachim-richau.de\/info\/wp-content\/uploads\/2022\/04\/B_JRichau_StenBrott_I_2010-2_1500-1024x390.jpg 1024w, https:\/\/www.joachim-richau.de\/info\/wp-content\/uploads\/2022\/04\/B_JRichau_StenBrott_I_2010-2_1500.jpg 1500w\" sizes=\"auto, (max-width: 700px) 100vw, 700px\" \/><\/p>\n<hr \/>\n<div><\/div>\n<div class=\"\"><strong>6. Juni &#8211; 8. September 2019<\/strong><\/div>\n<div class=\"\"><\/div>\n<div class=\"\"><strong>FRAMED LANDSCAPES<\/strong> &#8211; European Photography Commissions 1984-2019<\/div>\n<div><\/div>\n<div><a href=\"http:\/\/www.fundacionico.es\/arte\/\" target=\"_blank\" rel=\"noopener noreferrer\">Museo ICO, Madrid, Spanien<\/a><\/div>\n<div><\/div>\n<div><img loading=\"lazy\" decoding=\"async\" class=\"alignnone size-full wp-image-713\" src=\"http:\/\/www.joachim-richau.de\/info\/wp-content\/uploads\/2019\/07\/paisajes-enmarcados-misiones-fotograficas-europeas-1984-2019.png\" alt=\"\" width=\"320\" height=\"139\" srcset=\"https:\/\/www.joachim-richau.de\/info\/wp-content\/uploads\/2019\/07\/paisajes-enmarcados-misiones-fotograficas-europeas-1984-2019.png 320w, https:\/\/www.joachim-richau.de\/info\/wp-content\/uploads\/2019\/07\/paisajes-enmarcados-misiones-fotograficas-europeas-1984-2019-300x130.png 300w\" sizes=\"auto, (max-width: 320px) 100vw, 320px\" \/><\/div>\n<div><\/div>\n<hr \/>\n<p><strong>2. Dezember 2018 &#8211; 6. Januar 2019<\/strong><\/p>\n<p><a href=\"https:\/\/www.blmk.de\/\" target=\"_blank\" rel=\"noopener noreferrer\"><strong>Brandenburgisches Landesmuseum f\u00fcr moderne Kunst<\/strong><\/a><\/p>\n<p><a href=\"http:\/\/www.joachim-richau.de\/info\/wp-content\/uploads\/2018\/12\/Packhof-Poster.pdf\" target=\"_blank\" rel=\"noopener noreferrer\"><img loading=\"lazy\" decoding=\"async\" class=\"alignnone size-full wp-image-696\" src=\"http:\/\/www.joachim-richau.de\/info\/wp-content\/uploads\/2018\/12\/Packhof-Poster.jpg\" alt=\"\" width=\"600\" height=\"241\" srcset=\"https:\/\/www.joachim-richau.de\/info\/wp-content\/uploads\/2018\/12\/Packhof-Poster.jpg 600w, https:\/\/www.joachim-richau.de\/info\/wp-content\/uploads\/2018\/12\/Packhof-Poster-300x121.jpg 300w\" sizes=\"auto, (max-width: 600px) 100vw, 600px\" \/><\/a><\/p>\n<hr \/>\n<p class=\"Underline\"><b>2. Juni \u2013 19. August 2018<\/b><\/p>\n<p><strong>WERK WANDEL<\/strong><br \/>\n<a href=\"http:\/\/www.leonhardi-museum.de\/\" target=\"_blank\" rel=\"noopener noreferrer\">Leonhardi-Museum Dresden<\/a><\/p>\n<p>Fotografische Arbeiten 1979 \u2013 2016<\/p>\n<p><img loading=\"lazy\" decoding=\"async\" class=\"alignnone size-full wp-image-618\" src=\"http:\/\/www.joachim-richau.de\/info\/wp-content\/uploads\/2018\/05\/Joachim-Richau_LMD-weissschwarz_klein.jpg\" alt=\"\" width=\"534\" height=\"400\" srcset=\"https:\/\/www.joachim-richau.de\/info\/wp-content\/uploads\/2018\/05\/Joachim-Richau_LMD-weissschwarz_klein.jpg 534w, https:\/\/www.joachim-richau.de\/info\/wp-content\/uploads\/2018\/05\/Joachim-Richau_LMD-weissschwarz_klein-300x225.jpg 300w\" sizes=\"auto, (max-width: 534px) 100vw, 534px\" \/><\/p>\n<p><a href=\"http:\/\/www.joachim-richau.de\/info\/leonhardi-museum-dresden\/\" target=\"_blank\" rel=\"noopener noreferrer\"><strong>Informationen | Texte | Rezensionen<\/strong><\/a><\/p>\n<hr \/>\n<p><a href=\"https:\/\/www.lr-online.de\/nachrichten\/kultur\/fotografie-von-joachim-richau-im-im-dieselkraftwerk-cottbus_aid-6938173\" target=\"_blank\" rel=\"noopener noreferrer\"><strong>Dokumentarisch, poetisch, manchmal r\u00e4tselhaft<\/strong><\/a><\/p>\n<p><img loading=\"lazy\" decoding=\"async\" class=\"alignnone size-full wp-image-585\" src=\"http:\/\/www.joachim-richau.de\/info\/wp-content\/uploads\/2017\/12\/JRichau-LR.jpg\" alt=\"\" width=\"540\" height=\"303\" srcset=\"https:\/\/www.joachim-richau.de\/info\/wp-content\/uploads\/2017\/12\/JRichau-LR.jpg 540w, https:\/\/www.joachim-richau.de\/info\/wp-content\/uploads\/2017\/12\/JRichau-LR-300x168.jpg 300w\" sizes=\"auto, (max-width: 540px) 100vw, 540px\" \/><br \/>\naus: Ann\u00e4herungen und Begegnungen &#8211; Bilder aus Beerfelde . 1984 &#8211; 87<\/p>\n<p>Die Lausitzer Rundschau \u00fcber die Ausstellung <a href=\"http:\/\/www.museum-dkw.de\/ausstellungen.htm\" target=\"_blank\" rel=\"noopener noreferrer\">Brandenburgischen Landesmuseum f\u00fcr moderne Kunst, Cottbus<\/a><\/p>\n<hr \/>\n<p><strong><a href=\"http:\/\/www.joachim-richau.de\/info\/wp-content\/uploads\/2017\/12\/Fragment_Die_Schnheit_von_Gestein.MP3\" target=\"_blank\" rel=\"noopener noreferrer\">Rezension des Buches <\/a><\/strong><\/p>\n<p><a href=\"http:\/\/www.joachim-richau.de\/info\/wp-content\/uploads\/2017\/12\/Fragment_Die_Schnheit_von_Gestein.MP3\" target=\"_blank\" rel=\"noopener noreferrer\"><strong>FRAGMENT oder die Gegenwart des Zweifels<\/strong><\/a><\/p>\n<p>Eine Kritik von Frank Dietschreit<\/p>\n<p><span class=\"\">kulturradio <\/span><\/p>\n<p><span class=\"\">Rundfunk Berlin-Brandenburg (rbb)<br class=\"\" \/><\/span><\/p>\n<hr \/>\n<p><strong><span class=\"\">8. Dezember 2017 &#8211;\u00a0 3. Februar\u00a0 2018<\/span><\/strong><\/p>\n<p><span class=\"\"><strong>LIEUX DE M\u00c9MOIRE | ERINNERUNGSORTE<\/strong><br \/>\nGruppenausstellung<br class=\"\" \/><br class=\"\" \/><strong>Vernissage am 7.12.2017, 19.00 Uhr<\/strong><br \/>\n<\/span><\/p>\n<p><a href=\"http:\/\/www.pavlovsdog.org\/\" target=\"_blank\" rel=\"noopener noreferrer\"><strong>Galerie <\/strong><span class=\"\"><strong>pavlov\u2019s dog<\/strong><\/span><\/a><br class=\"\" \/>Bergstrasse 19<br class=\"\" \/>10115 Berlin<\/p>\n<hr \/>\n<p><strong>3. Dezember 2017 \u2013 28. Januar 2018<\/strong><\/p>\n<p><strong> HORIZONT oder die Illusion der Fremde<\/strong><br \/>\n<a href=\"http:\/\/www.museum-dkw.de\/ausstellungen.htm\" target=\"_blank\" rel=\"noopener noreferrer\">Brandenburgisches Landesmuseum f\u00fcr moderne Kunst, Cottbus<\/a><\/p>\n<p><a href=\"http:\/\/www.joachim-richau.de\/info\/horizont-oder-die-illusion-der-fremde\" target=\"_blank\" rel=\"noopener noreferrer\"><strong>Blick in die Ausstellung<\/strong><\/a><\/p>\n<p><a href=\"http:\/\/www.joachim-richau.de\/info\/horizont-oder-die-illusion-der-fremde\" target=\"_blank\" rel=\"noopener noreferrer\"><img loading=\"lazy\" decoding=\"async\" class=\"alignnone size-full wp-image-541\" src=\"http:\/\/www.joachim-richau.de\/info\/wp-content\/uploads\/2017\/12\/web_MG_8387.jpg\" alt=\"\" width=\"600\" height=\"400\" srcset=\"https:\/\/www.joachim-richau.de\/info\/wp-content\/uploads\/2017\/12\/web_MG_8387.jpg 600w, https:\/\/www.joachim-richau.de\/info\/wp-content\/uploads\/2017\/12\/web_MG_8387-300x200.jpg 300w\" sizes=\"auto, (max-width: 600px) 100vw, 600px\" \/><\/a><\/p>\n<p><a href=\"http:\/\/www.joachim-richau.de\/info\/wp-content\/uploads\/2017\/12\/MrkischeWandlungenJoachimRichau.MP3\" target=\"_blank\" rel=\"noopener noreferrer\"><strong>M\u00e4rkische Wandlungen Gespr\u00e4ch mit\u00a0<\/strong><span class=\"\"><strong>Dr. Danuta G\u00f6rnandt<\/strong><\/span><\/a><\/p>\n<p>Kulturradio RBB<\/p>\n<p><a href=\"http:\/\/joachim-richau.de\/info\/horizont-oder-die-illusion-der-fremde\" target=\"_blank\" rel=\"noopener noreferrer\"><strong>Informationen | Texte | Rezensionen<\/strong><\/a><\/p>\n<hr \/>\n<p><strong>21. Oktober 2017 &#8211; 8. April 2018<\/strong><\/p>\n<p><strong>Blick Verschiebung\u00a0 <\/strong><\/p>\n<p><a href=\"http:\/\/zkr-berlin.de\/de\/ausstellung\/\" target=\"_blank\" rel=\"noopener noreferrer\">ZKR \u2013 Zentrum f\u00fcr Kunst und \u00f6ffentlichen Raum Schloss Biesdorf<\/a><\/p>\n<p><strong>K\u00fcnstlerpositionen<em> Blick Verschiebung<\/em>:<\/strong><br \/>\nLaurenz Berges, Katja Eydel, Arno Fischer, Seiichi Furuya, Sven Gatter, Andreas Gefeller, Pierre-Jean Giloux, G\u00f6ran Gnaudschun, Anne Heinlein, Alexander Janetzko, Monika Lawrenz, Manfred Paul, Merit Pietzker, Ludwig Rauch, J\u00fcrgen Rehrmann, Joachim Richau, Stephanie Steinkopf, Ingeborg Ullrich, Clemens von Wedemeyer, Thomas Wolf, Ulrich W\u00fcst, Tobias Zielony<\/p>\n<p><a href=\"http:\/\/www.joachim-richau.de\/info\/zentrum-fuer-kunst-und-oeffentlichen-raum-schloss-biesdorf\/\" target=\"_blank\" rel=\"noopener noreferrer\"><strong>Informationen | Text<\/strong><strong>e | Rezensionen<\/strong><\/a><\/p>\n<hr \/>\n<p><strong>16.September \u2013 23. Dezember 2017<\/strong><\/p>\n<p>FRAGMENT oder die Gegenwart des Zweifels<br \/>\n<a href=\"http:\/\/www.alfred-ehrhardt-stiftung.de\/index.php?start-deutsch\" target=\"_blank\" rel=\"noopener noreferrer\">Alfred Ehrhardt Stiftung, Berlin<\/a><\/p>\n<p><a href=\"http:\/\/www.joachim-richau.de\/info\/blick-in-die-ausstellung-in-berlin\/\" target=\"_blank\" rel=\"noopener noreferrer\"><strong>Blick in die Ausstellung<\/strong> <\/a><\/p>\n<p><a href=\"http:\/\/www.joachim-richau.de\/info\/blick-in-die-ausstellung-in-berlin\/\" target=\"_blank\" rel=\"noopener noreferrer\"><img loading=\"lazy\" decoding=\"async\" class=\"alignnone size-full wp-image-394\" src=\"http:\/\/www.joachim-richau.de\/info\/wp-content\/uploads\/2017\/09\/Erhardt-Haus2.jpg\" alt=\"\" width=\"600\" height=\"380\" srcset=\"https:\/\/www.joachim-richau.de\/info\/wp-content\/uploads\/2017\/09\/Erhardt-Haus2.jpg 600w, https:\/\/www.joachim-richau.de\/info\/wp-content\/uploads\/2017\/09\/Erhardt-Haus2-300x190.jpg 300w\" sizes=\"auto, (max-width: 600px) 100vw, 600px\" \/><\/a><br \/>\nKlicken Sie auf das Bild<\/p>\n<p><a href=\"http:\/\/www.joachim-richau.de\/info\/info-texte-rezensionen\/\" target=\"_blank\" rel=\"noopener noreferrer\"><strong>Informationen | Text<\/strong><strong>e | Rezensionen<\/strong><\/a><\/p>\n<hr \/>\n<p><strong>Neuerscheinung im Kehrer Verlag<\/strong><br \/>\nJoachim Richau<br \/>\n<a href=\"https:\/\/www.kehrerverlag.com\/de\/joachim-richau-fragment-oder-die-gegenwart-des-zweifels\" target=\"_blank\" rel=\"noopener noreferrer\"><img loading=\"lazy\" decoding=\"async\" class=\"alignnone size-medium wp-image-85\" src=\"http:\/\/www.joachim-richau.de\/info\/wp-content\/uploads\/2017\/05\/Fragment-211x300.jpg\" alt=\"\" width=\"211\" height=\"300\" srcset=\"https:\/\/www.joachim-richau.de\/info\/wp-content\/uploads\/2017\/05\/Fragment-211x300.jpg 211w, https:\/\/www.joachim-richau.de\/info\/wp-content\/uploads\/2017\/05\/Fragment.jpg 293w\" sizes=\"auto, (max-width: 211px) 100vw, 211px\" \/><img loading=\"lazy\" decoding=\"async\" class=\"alignnone size-full wp-image-568\" src=\"http:\/\/www.joachim-richau.de\/info\/wp-content\/uploads\/2017\/12\/DFBP2018-Sticker250px.png\" alt=\"\" width=\"250\" height=\"250\" srcset=\"https:\/\/www.joachim-richau.de\/info\/wp-content\/uploads\/2017\/12\/DFBP2018-Sticker250px.png 250w, https:\/\/www.joachim-richau.de\/info\/wp-content\/uploads\/2017\/12\/DFBP2018-Sticker250px-150x150.png 150w\" sizes=\"auto, (max-width: 250px) 100vw, 250px\" \/><\/a><br \/>\n<a href=\"https:\/\/www.kehrerverlag.com\/de\/joachim-richau-fragment-oder-die-gegenwart-des-zweifels\" target=\"_blank\" rel=\"noopener noreferrer\">FRAGMENT oder die Gegenwart des Zweifels<\/a><\/p>\n<p><a href=\"http:\/\/www.joachim-richau.de\/info\/kehrer-verlag\/\"><strong>Informationen | Texte | Rezensionen<\/strong><\/a><\/p>\n<hr \/>\n<p><strong>10. Juni \u2013 3. September 2017<\/strong><\/p>\n<p>WERK WANDEL<br \/>\nStadtgalerie Kiel<\/p>\n<p><a href=\"http:\/\/www.joachim-richau.de\/info\/blick-in-ausstellung-in-kiel\/\" target=\"_blank\" rel=\"noopener noreferrer\"><strong>Blick in die Ausstellung <\/strong><\/a><\/p>\n<p><a href=\"http:\/\/www.joachim-richau.de\/info\/blick-in-ausstellung-in-kiel\/\" target=\"_blank\" rel=\"noopener noreferrer\"><img loading=\"lazy\" decoding=\"async\" class=\"alignnone size-full wp-image-291\" src=\"http:\/\/www.joachim-richau.de\/info\/wp-content\/uploads\/2017\/07\/Kiel-00_600px.jpg\" alt=\"\" width=\"600\" height=\"380\" \/><\/a><br \/>\n<a href=\"http:\/\/www.joachim-richau.de\/info\/blick-in-ausstellung-in-kiel\/\" target=\"_blank\" rel=\"noopener noreferrer\">Klicken Sie auf das Bild<\/a><\/p>\n<p><a href=\"http:\/\/www.joachim-richau.de\/info\/stadtgalerie-kiel\/\" target=\"_blank\" rel=\"noopener noreferrer\"><strong>Informationen | Texte | Rezensionen<\/strong><\/a><\/p>\n<hr \/>\n<p>WERK WANDEL<\/p>\n<p>Retrospektive 2017-2018 \/ Kiel &#8211; Berlin &#8211; Cottbus &#8211; Dresden<\/p>\n\n\t\t<!-- MasterSlider -->\n\t\t<div id=\"P_MS5f33c055926bb\" class=\"master-slider-parent msl ms-parent-id-1\" style=\"max-width:1000px;\"  >\n\n\t\t\t\n\t\t\t<!-- MasterSlider Main -->\n\t\t\t<div id=\"MS5f33c055926bb\" class=\"master-slider ms-skin-default\" >\n\t\t\t\t \t\t\t\t \n\t\t\t\t<div  class=\"ms-slide\" data-delay=\"3\" data-fill-mode=\"fill\"  >\n\t\t\t\t\t<img decoding=\"async\" src=\"http:\/\/www.joachim-richau.de\/info\/wp-content\/plugins\/master-slider\/public\/assets\/css\/blank.gif\" alt=\"\" title=\"\" data-src=\"http:\/\/www.joachim-richau.de\/info\/wp-content\/uploads\/2017\/07\/Kiel-00.jpg\" \/>\n\n\n\t<div class=\"ms-thumb\" ><div class=\"ms-tab-context\"><div class=&quot;ms-tab-context&quot;><\/div><\/div>\n<\/div>\n\t\t\t\t<\/div>\n\t\t\t\t<div  class=\"ms-slide\" data-delay=\"3\" data-fill-mode=\"fill\"  >\n\t\t\t\t\t<img decoding=\"async\" src=\"http:\/\/www.joachim-richau.de\/info\/wp-content\/plugins\/master-slider\/public\/assets\/css\/blank.gif\" alt=\"\" title=\"\" data-src=\"http:\/\/www.joachim-richau.de\/info\/wp-content\/uploads\/2017\/07\/Kiel-01.jpg\" \/>\n\n\n\t<div class=\"ms-thumb\" ><div class=\"ms-tab-context\"><div class=&quot;ms-tab-context&quot;><\/div><\/div>\n<\/div>\n\t\t\t\t<\/div>\n\t\t\t\t<div  class=\"ms-slide\" data-delay=\"3\" data-fill-mode=\"fill\"  >\n\t\t\t\t\t<img decoding=\"async\" src=\"http:\/\/www.joachim-richau.de\/info\/wp-content\/plugins\/master-slider\/public\/assets\/css\/blank.gif\" alt=\"\" title=\"\" data-src=\"http:\/\/www.joachim-richau.de\/info\/wp-content\/uploads\/2017\/07\/Kiel-02.jpg\" \/>\n\n\n\t<div class=\"ms-thumb\" ><div class=\"ms-tab-context\"><div class=&quot;ms-tab-context&quot;><\/div><\/div>\n<\/div>\n\t\t\t\t<\/div>\n\t\t\t\t<div  class=\"ms-slide\" data-delay=\"3\" data-fill-mode=\"fill\"  >\n\t\t\t\t\t<img decoding=\"async\" src=\"http:\/\/www.joachim-richau.de\/info\/wp-content\/plugins\/master-slider\/public\/assets\/css\/blank.gif\" alt=\"\" title=\"\" data-src=\"http:\/\/www.joachim-richau.de\/info\/wp-content\/uploads\/2017\/07\/Kiel-03.jpg\" \/>\n\n\n\t<div class=\"ms-thumb\" ><div class=\"ms-tab-context\"><div class=&quot;ms-tab-context&quot;><\/div><\/div>\n<\/div>\n\t\t\t\t<\/div>\n\t\t\t\t<div  class=\"ms-slide\" data-delay=\"3\" data-fill-mode=\"fill\"  >\n\t\t\t\t\t<img decoding=\"async\" src=\"http:\/\/www.joachim-richau.de\/info\/wp-content\/plugins\/master-slider\/public\/assets\/css\/blank.gif\" alt=\"\" title=\"\" data-src=\"http:\/\/www.joachim-richau.de\/info\/wp-content\/uploads\/2017\/07\/Kiel-04.jpg\" \/>\n\n\n\t<div class=\"ms-thumb\" ><div class=\"ms-tab-context\"><div class=&quot;ms-tab-context&quot;><\/div><\/div>\n<\/div>\n\t\t\t\t<\/div>\n\t\t\t\t<div  class=\"ms-slide\" data-delay=\"3\" data-fill-mode=\"fill\"  >\n\t\t\t\t\t<img decoding=\"async\" src=\"http:\/\/www.joachim-richau.de\/info\/wp-content\/plugins\/master-slider\/public\/assets\/css\/blank.gif\" alt=\"\" title=\"\" data-src=\"http:\/\/www.joachim-richau.de\/info\/wp-content\/uploads\/2017\/07\/Kiel-05.jpg\" \/>\n\n\n\t<div class=\"ms-thumb\" ><div class=\"ms-tab-context\"><div class=&quot;ms-tab-context&quot;><\/div><\/div>\n<\/div>\n\t\t\t\t<\/div>\n\t\t\t\t<div  class=\"ms-slide\" data-delay=\"3\" data-fill-mode=\"fill\"  >\n\t\t\t\t\t<img decoding=\"async\" src=\"http:\/\/www.joachim-richau.de\/info\/wp-content\/plugins\/master-slider\/public\/assets\/css\/blank.gif\" alt=\"\" title=\"\" data-src=\"http:\/\/www.joachim-richau.de\/info\/wp-content\/uploads\/2017\/07\/Kiel-06.jpg\" \/>\n\n\n\t<div class=\"ms-thumb\" ><div class=\"ms-tab-context\"><div class=&quot;ms-tab-context&quot;><\/div><\/div>\n<\/div>\n\t\t\t\t<\/div>\n\t\t\t\t<div  class=\"ms-slide\" data-delay=\"3\" data-fill-mode=\"fill\"  >\n\t\t\t\t\t<img decoding=\"async\" src=\"http:\/\/www.joachim-richau.de\/info\/wp-content\/plugins\/master-slider\/public\/assets\/css\/blank.gif\" alt=\"\" title=\"\" data-src=\"http:\/\/www.joachim-richau.de\/info\/wp-content\/uploads\/2017\/07\/Kiel-08.jpg\" \/>\n\n\n\t<div class=\"ms-thumb\" ><div class=\"ms-tab-context\"><div class=&quot;ms-tab-context&quot;><\/div><\/div>\n<\/div>\n\t\t\t\t<\/div>\n\t\t\t\t<div  class=\"ms-slide\" data-delay=\"3\" data-fill-mode=\"fill\"  >\n\t\t\t\t\t<img decoding=\"async\" src=\"http:\/\/www.joachim-richau.de\/info\/wp-content\/plugins\/master-slider\/public\/assets\/css\/blank.gif\" alt=\"\" title=\"\" data-src=\"http:\/\/www.joachim-richau.de\/info\/wp-content\/uploads\/2017\/07\/Kiel-09.jpg\" \/>\n\n\n\t<div class=\"ms-thumb\" ><div class=\"ms-tab-context\"><div class=&quot;ms-tab-context&quot;><\/div><\/div>\n<\/div>\n\t\t\t\t<\/div>\n\t\t\t\t<div  class=\"ms-slide\" data-delay=\"3\" data-fill-mode=\"fill\"  >\n\t\t\t\t\t<img decoding=\"async\" src=\"http:\/\/www.joachim-richau.de\/info\/wp-content\/plugins\/master-slider\/public\/assets\/css\/blank.gif\" alt=\"\" title=\"\" data-src=\"http:\/\/www.joachim-richau.de\/info\/wp-content\/uploads\/2017\/07\/Kiel-10.jpg\" \/>\n\n\n\t<div class=\"ms-thumb\" ><div class=\"ms-tab-context\"><div class=&quot;ms-tab-context&quot;><\/div><\/div>\n<\/div>\n\t\t\t\t<\/div>\n\t\t\t\t<div  class=\"ms-slide\" data-delay=\"3\" data-fill-mode=\"fill\"  >\n\t\t\t\t\t<img decoding=\"async\" src=\"http:\/\/www.joachim-richau.de\/info\/wp-content\/plugins\/master-slider\/public\/assets\/css\/blank.gif\" alt=\"\" title=\"\" data-src=\"http:\/\/www.joachim-richau.de\/info\/wp-content\/uploads\/2017\/07\/Kiel-11.jpg\" \/>\n\n\n\t<div class=\"ms-thumb\" ><div class=\"ms-tab-context\"><div class=&quot;ms-tab-context&quot;><\/div><\/div>\n<\/div>\n\t\t\t\t<\/div>\n\t\t\t\t<div  class=\"ms-slide\" data-delay=\"3\" data-fill-mode=\"fill\"  >\n\t\t\t\t\t<img decoding=\"async\" src=\"http:\/\/www.joachim-richau.de\/info\/wp-content\/plugins\/master-slider\/public\/assets\/css\/blank.gif\" alt=\"\" title=\"\" data-src=\"http:\/\/www.joachim-richau.de\/info\/wp-content\/uploads\/2017\/07\/Kiel-12.jpg\" \/>\n\n\n\t<div class=\"ms-thumb\" ><div class=\"ms-tab-context\"><div class=&quot;ms-tab-context&quot;><\/div><\/div>\n<\/div>\n\t\t\t\t<\/div>\n\t\t\t\t<div  class=\"ms-slide\" data-delay=\"3\" data-fill-mode=\"fill\"  >\n\t\t\t\t\t<img decoding=\"async\" src=\"http:\/\/www.joachim-richau.de\/info\/wp-content\/plugins\/master-slider\/public\/assets\/css\/blank.gif\" alt=\"\" title=\"\" data-src=\"http:\/\/www.joachim-richau.de\/info\/wp-content\/uploads\/2017\/07\/Kiel-13.jpg\" \/>\n\n\n\t<div class=\"ms-thumb\" ><div class=\"ms-tab-context\"><div class=&quot;ms-tab-context&quot;><\/div><\/div>\n<\/div>\n\t\t\t\t<\/div>\n\t\t\t\t<div  class=\"ms-slide\" data-delay=\"3\" data-fill-mode=\"fill\"  >\n\t\t\t\t\t<img decoding=\"async\" src=\"http:\/\/www.joachim-richau.de\/info\/wp-content\/plugins\/master-slider\/public\/assets\/css\/blank.gif\" alt=\"\" title=\"\" data-src=\"http:\/\/www.joachim-richau.de\/info\/wp-content\/uploads\/2017\/07\/Kiel-14.jpg\" \/>\n\n\n\t<div class=\"ms-thumb\" ><div class=\"ms-tab-context\"><div class=&quot;ms-tab-context&quot;><\/div><\/div>\n<\/div>\n\t\t\t\t<\/div>\n\t\t\t\t<div  class=\"ms-slide\" data-delay=\"3\" data-fill-mode=\"fill\"  >\n\t\t\t\t\t<img decoding=\"async\" src=\"http:\/\/www.joachim-richau.de\/info\/wp-content\/plugins\/master-slider\/public\/assets\/css\/blank.gif\" alt=\"\" title=\"\" data-src=\"http:\/\/www.joachim-richau.de\/info\/wp-content\/uploads\/2017\/07\/Kiel-15.jpg\" \/>\n\n\n\t<div class=\"ms-thumb\" ><div class=\"ms-tab-context\"><div class=&quot;ms-tab-context&quot;><\/div><\/div>\n<\/div>\n\t\t\t\t<\/div>\n\t\t\t\t<div  class=\"ms-slide\" data-delay=\"3\" data-fill-mode=\"fill\"  >\n\t\t\t\t\t<img decoding=\"async\" src=\"http:\/\/www.joachim-richau.de\/info\/wp-content\/plugins\/master-slider\/public\/assets\/css\/blank.gif\" alt=\"\" title=\"\" data-src=\"http:\/\/www.joachim-richau.de\/info\/wp-content\/uploads\/2017\/07\/Kiel-16.jpg\" \/>\n\n\n\t<div class=\"ms-thumb\" ><div class=\"ms-tab-context\"><div class=&quot;ms-tab-context&quot;><\/div><\/div>\n<\/div>\n\t\t\t\t<\/div>\n\n\t\t\t<\/div>\n\t\t\t<!-- END MasterSlider Main -->\n\n\t\t\t \n\t\t<\/div>\n\t\t<!-- END MasterSlider -->\n\n\t\t<script>\n\t\t(function ( $ ) {\n\t\t\t\"use strict\";\n\n\t\t\t$(function () {\n\t\t\t\tvar masterslider_26bb = new MasterSlider();\n\n\t\t\t\t\/\/ slider controls\n\n\t\t\t\t\/\/ slider setup\n\t\t\t\tmasterslider_26bb.setup(\"MS5f33c055926bb\", {\n\t\t\t\t\t\twidth           : 1000,\n\t\t\t\t\t\theight          : 500,\n\t\t\t\t\t\tminHeight       : 0,\n\t\t\t\t\t\tspace           : 0,\n\t\t\t\t\t\tstart           : 1,\n\t\t\t\t\t\tgrabCursor      : true,\n\t\t\t\t\t\tswipe           : true,\n\t\t\t\t\t\tmouse           : true,\n\t\t\t\t\t\tlayout          : \"boxed\",\n\t\t\t\t\t\twheel           : false,\n\t\t\t\t\t\tautoplay        : true,\n\t\t\t\t\t\tinstantStartLayers:false,\n\t\t\t\t\t\tloop            : true,\n\t\t\t\t\t\tshuffle         : false,\n\t\t\t\t\t\tpreload         : 0,\n\t\t\t\t\t\theightLimit     : true,\n\t\t\t\t\t\tautoHeight      : true,\n\t\t\t\t\t\tsmoothHeight    : true,\n\t\t\t\t\t\tendPause        : false,\n\t\t\t\t\t\toverPause       : true,\n\t\t\t\t\t\tfillMode        : \"fill\",\n\t\t\t\t\t\tcenterControls  : true,\n\t\t\t\t\t\tstartOnAppear   : false,\n\t\t\t\t\t\tlayersMode      : \"center\",\n\t\t\t\t\t\thideLayers      : false,\n\t\t\t\t\t\tfullscreenMargin: 0,\n\t\t\t\t\t\tspeed           : 20,\n\t\t\t\t\t\tdir             : \"h\",\n\t\t\t\t\t\tparallaxMode    : 'swipe',\n\t\t\t\t\t\tview            : \"basic\"\n\t\t\t\t});\n\n\t\t\t\t\n\t\t\t\twindow.masterslider_instances = window.masterslider_instances || [];\n\t\t\t\twindow.masterslider_instances.push( masterslider_26bb );\n\t\t\t });\n\n\t\t})(jQuery);\n\t\t<\/script>\n\n\n<hr \/>\n<div><\/div>\n<div><\/div>\n<div><\/div>\n<div><\/div>\n<div><\/div>\n<div><\/div>\n<div><\/div>\n<div><\/div>\n<div><\/div>\n<div><\/div>\n<div><\/div>\n<div><\/div>\n<div><\/div>\n<div><\/div>\n<div><\/div>\n<div><\/div>\n<div><\/div>\n<div><\/div>\n<div><\/div>\n<div><\/div>\n<div><\/div>\n<div><\/div>\n<div><\/div>\n<div><\/div>\n<div><\/div>\n<div><\/div>\n<div><\/div>\n<div><\/div>\n<div><\/div>\n<div><\/div>\n<div><\/div>\n<div><\/div>\n<div><\/div>\n<div><\/div>\n<div><\/div>\n<div><\/div>\n<div><\/div>\n<div><\/div>\n<div><\/div>\n<div><\/div>\n<div><\/div>\n<div><\/div>\n<div><\/div>\n<div><\/div>\n<div><\/div>\n<div><\/div>\n<div><\/div>\n<div><\/div>\n<div><\/div>\n<div><\/div>\n<div><\/div>\n<div><\/div>\n<div><\/div>\n","protected":false},"excerpt":{"rendered":"<p>Altenburg Photographie Auktionen 35. Auktion Photographie 21. Mai 2022, 15 Uhr aus: Ann\u00e4herungen und Begegnungen &#8211; Bilder aus Beerfelde . 1984 &#8211; 87 DORFLEBEN Fotografien seit den 1970er-Jahren bis heute aus der Sammlung des BLmK 12. M\u00e4rz &#8211; 29. Mai 2022 Brandenburgisches Museum f\u00fcr moderne Kunst Uferstra\u00dfe \/ Am Amtsteich 15 03046 Cottbus Michael Herrmann, &#8230; <span class=\"more\"><a class=\"more-link\" href=\"https:\/\/www.joachim-richau.de\/info\/aktuell\/\">[Read more&#8230;]<\/a><\/span><\/p>\n","protected":false},"author":1,"featured_media":0,"parent":0,"menu_order":0,"comment_status":"closed","ping_status":"closed","template":"","meta":{"_acf_changed":false,"footnotes":""},"class_list":["entry","page","publish","author-sop","post-6"],"acf":[],"_links":{"self":[{"href":"https:\/\/www.joachim-richau.de\/info\/wp-json\/wp\/v2\/pages\/6","targetHints":{"allow":["GET"]}}],"collection":[{"href":"https:\/\/www.joachim-richau.de\/info\/wp-json\/wp\/v2\/pages"}],"about":[{"href":"https:\/\/www.joachim-richau.de\/info\/wp-json\/wp\/v2\/types\/page"}],"author":[{"embeddable":true,"href":"https:\/\/www.joachim-richau.de\/info\/wp-json\/wp\/v2\/users\/1"}],"replies":[{"embeddable":true,"href":"https:\/\/www.joachim-richau.de\/info\/wp-json\/wp\/v2\/comments?post=6"}],"version-history":[{"count":229,"href":"https:\/\/www.joachim-richau.de\/info\/wp-json\/wp\/v2\/pages\/6\/revisions"}],"predecessor-version":[{"id":918,"href":"https:\/\/www.joachim-richau.de\/info\/wp-json\/wp\/v2\/pages\/6\/revisions\/918"}],"wp:attachment":[{"href":"https:\/\/www.joachim-richau.de\/info\/wp-json\/wp\/v2\/media?parent=6"}],"curies":[{"name":"wp","href":"https:\/\/api.w.org\/{rel}","templated":true}]}}